{"id":779,"date":"2023-10-03T11:26:26","date_gmt":"2023-10-03T15:26:26","guid":{"rendered":"https:\/\/centreo3.com\/?page_id=779"},"modified":"2026-04-27T11:00:01","modified_gmt":"2026-04-27T15:00:01","slug":"camp-jeunesse-harmonie-primaire-initiation-aux-arts","status":"publish","type":"page","link":"https:\/\/centreo3.com\/fr\/choisir-sa-session\/camp-jeunesse-harmonie-primaire-initiation-aux-arts\/","title":{"rendered":"Camp Initiation aux arts (Primaire)"},"content":{"rendered":"\t\t<div data-elementor-type=\"wp-page\" data-elementor-id=\"779\" class=\"elementor elementor-779\" data-elementor-post-type=\"page\">\n\t\t\t\t<div class=\"elementor-element elementor-element-bc5138e e-flex e-con-boxed e-con e-parent\" data-id=\"bc5138e\" data-element_type=\"container\" data-e-type=\"container\">\n\t\t\t\t\t<div class=\"e-con-inner\">\n\t\t\t\t<div class=\"elementor-element elementor-element-333e2ac elementor-widget elementor-widget-text-editor\" data-id=\"333e2ac\" data-element_type=\"widget\" data-e-type=\"widget\" data-widget_type=\"text-editor.default\">\n\t\t\t\t<div class=\"elementor-widget-container\">\n\t\t\t\t\t\t\t\t\t<p>Notre seul camp offert aux \u00e9l\u00e8ves du primaire. Un camp d\u2019une semaine, soit en camp de jour ou en camp complet avec couchers. Le camp est offert aux jeunes qui n\u2019ont pas ou peu d\u2019exp\u00e9rience sur l\u2019instrument. Les professeurs sauront leur donner les techniques ainsi que la th\u00e9orie de base afin de leur permettre de se familiariser avec leurs instruments.<\/p><p>Le camp Initiation aux arts, d\u2019une dur\u00e9e d\u2019une semaine, est aussi offert \u00e0 des jeunes qui ne veulent pas jouer d\u2019un instrument, mais qui souhaitent seulement participer \u00e0 un camp d\u2019\u00e9t\u00e9 artistique. Durant leur s\u00e9jour, ils pourront, entre autres, s\u2019adonner aux arts plastiques, \u00e0 la danse, \u00e0 l\u2019\u00e9cologie, au th\u00e9\u00e2tre, au chant ainsi qu\u2019aux activit\u00e9s sportives. Chaque ann\u00e9e, un th\u00e8me guide les apprentissages et les \u0153uvres afin de produire un spectacle \u00e0 la fin de la semaine de camp. Pour plus d\u2019informations : 1 888 834-4342.<\/p>\t\t\t\t\t\t\t\t<\/div>\n\t\t\t\t<\/div>\n\t\t<div class=\"elementor-element elementor-element-514e881 e-con-full e-flex e-con e-child\" data-id=\"514e881\" data-element_type=\"container\" data-e-type=\"container\">\n\t\t\t\t<div class=\"elementor-element elementor-element-d405564 elementor-widget elementor-widget-text-editor\" data-id=\"d405564\" data-element_type=\"widget\" data-e-type=\"widget\" data-widget_type=\"text-editor.default\">\n\t\t\t\t<div class=\"elementor-widget-container\">\n\t\t\t\t\t\t\t\t\t<p><strong>Dates :<\/strong><\/p>\t\t\t\t\t\t\t\t<\/div>\n\t\t\t\t<\/div>\n\t\t<div class=\"elementor-element elementor-element-20de33d e-con-full e-flex e-con e-child\" data-id=\"20de33d\" data-element_type=\"container\" data-e-type=\"container\">\n\t\t\t\t<div class=\"elementor-element elementor-element-863ae0e elementor-widget elementor-widget-jet-listing-dynamic-field\" data-id=\"863ae0e\" data-element_type=\"widget\" data-e-type=\"widget\" data-widget_type=\"jet-listing-dynamic-field.default\">\n\t\t\t\t<div class=\"elementor-widget-container\">\n\t\t\t\t\t<div class=\"jet-listing jet-listing-dynamic-field display-inline\"><div class=\"jet-listing-dynamic-field__inline-wrap\"><span class=\"jet-listing-dynamic-field__content\" ><b>Camp de jour<\/b> : 9 ao\u00fbt au <\/span><\/div><\/div>\t\t\t\t<\/div>\n\t\t\t\t<\/div>\n\t\t\t\t<div class=\"elementor-element elementor-element-b5289ec elementor-widget elementor-widget-jet-listing-dynamic-field\" data-id=\"b5289ec\" data-element_type=\"widget\" data-e-type=\"widget\" data-widget_type=\"jet-listing-dynamic-field.default\">\n\t\t\t\t<div class=\"elementor-widget-container\">\n\t\t\t\t\t<div class=\"jet-listing jet-listing-dynamic-field display-inline\"><div class=\"jet-listing-dynamic-field__inline-wrap\"><span class=\"jet-listing-dynamic-field__content\" >14 ao\u00fbt 2026<\/span><\/div><\/div>\t\t\t\t<\/div>\n\t\t\t\t<\/div>\n\t\t\t\t<div class=\"elementor-element elementor-element-23b4cb1 elementor-widget elementor-widget-text-editor\" data-id=\"23b4cb1\" data-element_type=\"widget\" data-e-type=\"widget\" data-widget_type=\"text-editor.default\">\n\t\t\t\t<div class=\"elementor-widget-container\">\n\t\t\t\t\t\t\t\t\t<span>(6 jours incluant le d\u00eener et la collation)<\/span>\t\t\t\t\t\t\t\t<\/div>\n\t\t\t\t<\/div>\n\t\t\t\t<\/div>\n\t\t<div class=\"elementor-element elementor-element-a5ae1fe e-con-full e-flex e-con e-child\" data-id=\"a5ae1fe\" data-element_type=\"container\" data-e-type=\"container\">\n\t\t\t\t<div class=\"elementor-element elementor-element-1cd56b9 elementor-widget elementor-widget-jet-listing-dynamic-field\" data-id=\"1cd56b9\" data-element_type=\"widget\" data-e-type=\"widget\" data-widget_type=\"jet-listing-dynamic-field.default\">\n\t\t\t\t<div class=\"elementor-widget-container\">\n\t\t\t\t\t<div class=\"jet-listing jet-listing-dynamic-field display-inline\"><div class=\"jet-listing-dynamic-field__inline-wrap\"><span class=\"jet-listing-dynamic-field__content\" ><b>Camp de jour plus<\/b> : 9 ao\u00fbt au <\/span><\/div><\/div>\t\t\t\t<\/div>\n\t\t\t\t<\/div>\n\t\t\t\t<div class=\"elementor-element elementor-element-31d7571 elementor-widget elementor-widget-jet-listing-dynamic-field\" data-id=\"31d7571\" data-element_type=\"widget\" data-e-type=\"widget\" data-widget_type=\"jet-listing-dynamic-field.default\">\n\t\t\t\t<div class=\"elementor-widget-container\">\n\t\t\t\t\t<div class=\"jet-listing jet-listing-dynamic-field display-inline\"><div class=\"jet-listing-dynamic-field__inline-wrap\"><span class=\"jet-listing-dynamic-field__content\" >14 ao\u00fbt 2026<\/span><\/div><\/div>\t\t\t\t<\/div>\n\t\t\t\t<\/div>\n\t\t\t\t<div class=\"elementor-element elementor-element-a9edb90 elementor-widget elementor-widget-text-editor\" data-id=\"a9edb90\" data-element_type=\"widget\" data-e-type=\"widget\" data-widget_type=\"text-editor.default\">\n\t\t\t\t<div class=\"elementor-widget-container\">\n\t\t\t\t\t\t\t\t\t<span>(6 jours incluant le d\u00eener, la collation, le souper et les activit\u00e9s du soir)<\/span>\t\t\t\t\t\t\t\t<\/div>\n\t\t\t\t<\/div>\n\t\t\t\t<\/div>\n\t\t<div class=\"elementor-element elementor-element-09fafac e-con-full e-flex e-con e-child\" data-id=\"09fafac\" data-element_type=\"container\" data-e-type=\"container\">\n\t\t\t\t<div class=\"elementor-element elementor-element-ebca4fb elementor-widget elementor-widget-jet-listing-dynamic-field\" data-id=\"ebca4fb\" data-element_type=\"widget\" data-e-type=\"widget\" data-widget_type=\"jet-listing-dynamic-field.default\">\n\t\t\t\t<div class=\"elementor-widget-container\">\n\t\t\t\t\t<div class=\"jet-listing jet-listing-dynamic-field display-inline\"><div class=\"jet-listing-dynamic-field__inline-wrap\"><span class=\"jet-listing-dynamic-field__content\" ><b>Camp \u00e0 temps complet :<\/b> : 8 ao\u00fbt au <\/span><\/div><\/div>\t\t\t\t<\/div>\n\t\t\t\t<\/div>\n\t\t\t\t<div class=\"elementor-element elementor-element-81c738c elementor-widget elementor-widget-jet-listing-dynamic-field\" data-id=\"81c738c\" data-element_type=\"widget\" data-e-type=\"widget\" data-widget_type=\"jet-listing-dynamic-field.default\">\n\t\t\t\t<div class=\"elementor-widget-container\">\n\t\t\t\t\t<div class=\"jet-listing jet-listing-dynamic-field display-inline\"><div class=\"jet-listing-dynamic-field__inline-wrap\"><span class=\"jet-listing-dynamic-field__content\" >14 ao\u00fbt 2026<\/span><\/div><\/div>\t\t\t\t<\/div>\n\t\t\t\t<\/div>\n\t\t\t\t<div class=\"elementor-element elementor-element-4d95004 elementor-widget elementor-widget-text-editor\" data-id=\"4d95004\" data-element_type=\"widget\" data-e-type=\"widget\" data-widget_type=\"text-editor.default\">\n\t\t\t\t<div class=\"elementor-widget-container\">\n\t\t\t\t\t\t\t\t\t<span>(7 jours et 6 nuit\u00e9es incluant les repas, les collations et les activit\u00e9s du soir)<\/span>\t\t\t\t\t\t\t\t<\/div>\n\t\t\t\t<\/div>\n\t\t\t\t<\/div>\n\t\t\t\t<\/div>\n\t\t<div class=\"elementor-element elementor-element-026bcda e-con-full e-flex e-con e-child\" data-id=\"026bcda\" data-element_type=\"container\" data-e-type=\"container\">\n\t\t\t\t<div class=\"elementor-element elementor-element-0315fa5 elementor-widget elementor-widget-text-editor\" data-id=\"0315fa5\" data-element_type=\"widget\" data-e-type=\"widget\" data-widget_type=\"text-editor.default\">\n\t\t\t\t<div class=\"elementor-widget-container\">\n\t\t\t\t\t\t\t\t\t<p><strong>Tarifs :<\/strong><\/p>\t\t\t\t\t\t\t\t<\/div>\n\t\t\t\t<\/div>\n\t\t<div class=\"elementor-element elementor-element-7762d2e e-con-full e-flex e-con e-child\" data-id=\"7762d2e\" data-element_type=\"container\" data-e-type=\"container\">\n\t\t\t\t<div class=\"elementor-element elementor-element-3a30a49 elementor-widget elementor-widget-jet-listing-dynamic-field\" data-id=\"3a30a49\" data-element_type=\"widget\" data-e-type=\"widget\" data-widget_type=\"jet-listing-dynamic-field.default\">\n\t\t\t\t<div class=\"elementor-widget-container\">\n\t\t\t\t\t<div class=\"jet-listing jet-listing-dynamic-field display-inline\"><div class=\"jet-listing-dynamic-field__inline-wrap\"><span class=\"jet-listing-dynamic-field__content\" ><b>Camp de jour<\/b> : 420$ taxes incluses (de 8h15 \u00e0 17h)<\/span><\/div><\/div>\t\t\t\t<\/div>\n\t\t\t\t<\/div>\n\t\t\t\t<div class=\"elementor-element elementor-element-b9abd4b elementor-widget elementor-widget-jet-listing-dynamic-field\" data-id=\"b9abd4b\" data-element_type=\"widget\" data-e-type=\"widget\" data-widget_type=\"jet-listing-dynamic-field.default\">\n\t\t\t\t<div class=\"elementor-widget-container\">\n\t\t\t\t\t<div class=\"jet-listing jet-listing-dynamic-field display-inline\"><div class=\"jet-listing-dynamic-field__inline-wrap\"><span class=\"jet-listing-dynamic-field__content\" ><b>Camp de jour plus<\/b> : 485$ taxes incluses (de 8h15 \u00e0 20h15)<\/span><\/div><\/div>\t\t\t\t<\/div>\n\t\t\t\t<\/div>\n\t\t\t\t<div class=\"elementor-element elementor-element-bb3ecf5 elementor-widget elementor-widget-jet-listing-dynamic-field\" data-id=\"bb3ecf5\" data-element_type=\"widget\" data-e-type=\"widget\" data-widget_type=\"jet-listing-dynamic-field.default\">\n\t\t\t\t<div class=\"elementor-widget-container\">\n\t\t\t\t\t<div class=\"jet-listing jet-listing-dynamic-field display-inline\"><div class=\"jet-listing-dynamic-field__inline-wrap\"><span class=\"jet-listing-dynamic-field__content\" ><b>Camp \u00e0 temps complet<\/b> : 700$ taxes incluses <\/span><\/div><\/div>\t\t\t\t<\/div>\n\t\t\t\t<\/div>\n\t\t\t\t<\/div>\n\t\t\t\t<\/div>\n\t\t\t\t<div class=\"elementor-element elementor-element-1cddd0e elementor-widget elementor-widget-text-editor\" data-id=\"1cddd0e\" data-element_type=\"widget\" data-e-type=\"widget\" data-widget_type=\"text-editor.default\">\n\t\t\t\t<div class=\"elementor-widget-container\">\n\t\t\t\t\t\t\t\t\t<p>*Le spectacle du vendredi soir est obligatoire pour tous les participants<\/p>\t\t\t\t\t\t\t\t<\/div>\n\t\t\t\t<\/div>\n\t\t\t\t<div class=\"elementor-element elementor-element-e4b1a93 elementor-widget elementor-widget-text-editor\" data-id=\"e4b1a93\" data-element_type=\"widget\" data-e-type=\"widget\" data-widget_type=\"text-editor.default\">\n\t\t\t\t<div class=\"elementor-widget-container\">\n\t\t\t\t\t\t\t\t\t<p><strong>Co-responsables de la session&nbsp;:&nbsp;<\/strong>Maryse C\u00f4t\u00e9 et Marie Gervais<\/p>\n<p><strong>Pour information&nbsp;:<br>1&nbsp;888&nbsp;834-4342<\/strong><br><strong>Acceptation par ordre de r\u00e9ception selon l\u2019instrument.<br>Le corps professoral peut changer sans pr\u00e9avis.<\/strong><\/p>\t\t\t\t\t\t\t\t<\/div>\n\t\t\t\t<\/div>\n\t\t\t\t<div class=\"elementor-element elementor-element-000b4b6 elementor-widget elementor-widget-text-editor\" data-id=\"000b4b6\" data-element_type=\"widget\" data-e-type=\"widget\" data-widget_type=\"text-editor.default\">\n\t\t\t\t<div class=\"elementor-widget-container\">\n\t\t\t\t\t\t\t\t\t<p><strong>Enseignants hautement qualifi\u00e9s :&nbsp;<br><\/strong><\/p>\n<p>Direction musicale: Jessie Tarakdjian<br>Fl\u00fbte traversi\u00e8re: F\u00e9licia L\u00e9vesque<br>Clarinette: Fran\u00e7ois Gagn\u00e9<br>Hautbois: Sacha Payette<br>Basson: nom \u00e0 venir<br>Saxophone: Jo\u00ebl Couture<br>Trompette: St\u00e9fany Breton<br>Trombone: Cindy Doucet-Houle<br>Tuba: Cindy Doucet-Houle<br>Euphonium: Cindy Doucet-Houle<br>Cor: Jessica Duranleau<br>Basse, contrebasse: Beno\u00eet Marquis<br>Percussions\/ Rythmique: Val\u00e9rie Cormier<br>Piano : Gabrielle Gingras&nbsp;<br>Chant choral: Myriam Blouin<br>Animation sportive: Marie-Pier Desc\u00f4teaux<br>Danse: Maryka Talbot<br>Th\u00e9\u00e2tre: L\u00e9anne Dunberry<br>Arts plastiques: Christine Lebel<br>Explorations\/ Science \/ \u00c9cologie: nom \u00e0 venir<br>Adjointe: Andr\u00e9e-Anne L\u00e9tourneau<br>Adjoint\/aide: Viviane Fournier-Gamache<\/p>\t\t\t\t\t\t\t\t<\/div>\n\t\t\t\t<\/div>\n\t\t<div class=\"elementor-element elementor-element-5a82c73 e-flex e-con-boxed e-con e-child\" data-id=\"5a82c73\" data-element_type=\"container\" data-e-type=\"container\">\n\t\t\t\t\t<div class=\"e-con-inner\">\n\t\t\t\t<div class=\"elementor-element elementor-element-3b1b6c8 elementor-widget__width-auto elementor-widget elementor-widget-button\" data-id=\"3b1b6c8\" data-element_type=\"widget\" data-e-type=\"widget\" data-widget_type=\"button.default\">\n\t\t\t\t<div class=\"elementor-widget-container\">\n\t\t\t\t\t\t\t\t\t<div class=\"elementor-button-wrapper\">\n\t\t\t\t\t<a class=\"elementor-button elementor-button-link elementor-size-sm\" href=\"https:\/\/centreo3.com\/fr\/inscription\/\">\n\t\t\t\t\t\t<span class=\"elementor-button-content-wrapper\">\n\t\t\t\t\t\t\t\t\t<span class=\"elementor-button-text\">S'inscrire<\/span>\n\t\t\t\t\t<\/span>\n\t\t\t\t\t<\/a>\n\t\t\t\t<\/div>\n\t\t\t\t\t\t\t\t<\/div>\n\t\t\t\t<\/div>\n\t\t\t\t<div class=\"elementor-element elementor-element-2cc4fbd elementor-widget__width-auto elementor-widget elementor-widget-button\" data-id=\"2cc4fbd\" data-element_type=\"widget\" data-e-type=\"widget\" data-widget_type=\"button.default\">\n\t\t\t\t<div class=\"elementor-widget-container\">\n\t\t\t\t\t\t\t\t\t<div class=\"elementor-button-wrapper\">\n\t\t\t\t\t<a class=\"elementor-button elementor-button-link elementor-size-sm\" href=\"https:\/\/centreo3.com\/fr\/demande-de-bourse\/\">\n\t\t\t\t\t\t<span class=\"elementor-button-content-wrapper\">\n\t\t\t\t\t\t\t\t\t<span class=\"elementor-button-text\">Demande de bourse<\/span>\n\t\t\t\t\t<\/span>\n\t\t\t\t\t<\/a>\n\t\t\t\t<\/div>\n\t\t\t\t\t\t\t\t<\/div>\n\t\t\t\t<\/div>\n\t\t\t\t\t<\/div>\n\t\t\t\t<\/div>\n\t\t\t\t\t<\/div>\n\t\t\t\t<\/div>\n\t\t\t\t<\/div>\n\t\t","protected":false},"excerpt":{"rendered":"<p>Notre seul camp offert aux \u00e9l\u00e8ves du primaire. Un camp d\u2019une semaine, soit en camp de jour ou en camp complet avec couchers. Le camp est offert aux jeunes qui n\u2019ont pas ou peu d\u2019exp\u00e9rience sur l\u2019instrument. Les professeurs sauront leur donner les techniques ainsi que la th\u00e9orie de base afin de leur permettre de [&hellip;]<\/p>\n","protected":false},"author":1,"featured_media":0,"parent":769,"menu_order":0,"comment_status":"closed","ping_status":"closed","template":"","meta":{"footnotes":""},"class_list":["post-779","page","type-page","status-publish","hentry"],"yoast_head":"<!-- This site is optimized with the Yoast SEO plugin v27.1.1 - https:\/\/yoast.com\/product\/yoast-seo-wordpress\/ -->\n<title>Camp Initiation aux arts (Primaire)<\/title>\n<meta name=\"robots\" content=\"index, follow, max-snippet:-1, max-image-preview:large, max-video-preview:-1\" \/>\n<link rel=\"canonical\" href=\"https:\/\/centreo3.com\/fr\/choisir-sa-session\/camp-jeunesse-harmonie-primaire-initiation-aux-arts\/\" \/>\n<meta property=\"og:locale\" content=\"fr_FR\" \/>\n<meta property=\"og:type\" content=\"article\" \/>\n<meta property=\"og:title\" content=\"Camp Initiation aux arts (Primaire)\" \/>\n<meta property=\"og:description\" content=\"Notre seul camp offert aux \u00e9l\u00e8ves du primaire. Un camp d\u2019une semaine, soit en camp de jour ou en camp complet avec couchers. Le camp est offert aux jeunes qui n\u2019ont pas ou peu d\u2019exp\u00e9rience sur l\u2019instrument. Les professeurs sauront leur donner les techniques ainsi que la th\u00e9orie de base afin de leur permettre de [&hellip;]\" \/>\n<meta property=\"og:url\" content=\"https:\/\/centreo3.com\/fr\/choisir-sa-session\/camp-jeunesse-harmonie-primaire-initiation-aux-arts\/\" \/>\n<meta property=\"og:site_name\" content=\"Centre O3\" \/>\n<meta property=\"article:modified_time\" content=\"2026-04-27T15:00:01+00:00\" \/>\n<meta name=\"twitter:card\" content=\"summary_large_image\" \/>\n<meta name=\"twitter:label1\" content=\"Dur\u00e9e de lecture estim\u00e9e\" \/>\n\t<meta name=\"twitter:data1\" content=\"2 minutes\" \/>\n<script type=\"application\/ld+json\" class=\"yoast-schema-graph\">{\"@context\":\"https:\/\/schema.org\",\"@graph\":[{\"@type\":\"WebPage\",\"@id\":\"https:\/\/centreo3.com\/fr\/choisir-sa-session\/camp-jeunesse-harmonie-primaire-initiation-aux-arts\/\",\"url\":\"https:\/\/centreo3.com\/fr\/choisir-sa-session\/camp-jeunesse-harmonie-primaire-initiation-aux-arts\/\",\"name\":\"Camp Initiation aux arts (Primaire)\",\"isPartOf\":{\"@id\":\"https:\/\/centreo3.com\/fr\/#website\"},\"datePublished\":\"2023-10-03T15:26:26+00:00\",\"dateModified\":\"2026-04-27T15:00:01+00:00\",\"breadcrumb\":{\"@id\":\"https:\/\/centreo3.com\/fr\/choisir-sa-session\/camp-jeunesse-harmonie-primaire-initiation-aux-arts\/#breadcrumb\"},\"inLanguage\":\"fr-FR\",\"potentialAction\":[{\"@type\":\"ReadAction\",\"target\":[\"https:\/\/centreo3.com\/fr\/choisir-sa-session\/camp-jeunesse-harmonie-primaire-initiation-aux-arts\/\"]}]},{\"@type\":\"BreadcrumbList\",\"@id\":\"https:\/\/centreo3.com\/fr\/choisir-sa-session\/camp-jeunesse-harmonie-primaire-initiation-aux-arts\/#breadcrumb\",\"itemListElement\":[{\"@type\":\"ListItem\",\"position\":1,\"name\":\"Accueil\",\"item\":\"https:\/\/centreo3.com\/fr\/\"},{\"@type\":\"ListItem\",\"position\":2,\"name\":\"Choisir sa session\",\"item\":\"https:\/\/centreo3.com\/fr\/choisir-sa-session\/\"},{\"@type\":\"ListItem\",\"position\":3,\"name\":\"Camp Initiation aux arts (Primaire)\"}]},{\"@type\":\"WebSite\",\"@id\":\"https:\/\/centreo3.com\/fr\/#website\",\"url\":\"https:\/\/centreo3.com\/fr\/\",\"name\":\"Centre O3\",\"description\":\"Salles de r\u00e9ception et h\u00e9bergements pour \u00e9v\u00e9nements\",\"publisher\":{\"@id\":\"https:\/\/centreo3.com\/fr\/#organization\"},\"potentialAction\":[{\"@type\":\"SearchAction\",\"target\":{\"@type\":\"EntryPoint\",\"urlTemplate\":\"https:\/\/centreo3.com\/fr\/?s={search_term_string}\"},\"query-input\":{\"@type\":\"PropertyValueSpecification\",\"valueRequired\":true,\"valueName\":\"search_term_string\"}}],\"inLanguage\":\"fr-FR\"},{\"@type\":\"Organization\",\"@id\":\"https:\/\/centreo3.com\/fr\/#organization\",\"name\":\"Centre O3\",\"url\":\"https:\/\/centreo3.com\/fr\/\",\"logo\":{\"@type\":\"ImageObject\",\"inLanguage\":\"fr-FR\",\"@id\":\"https:\/\/centreo3.com\/fr\/#\/schema\/logo\/image\/\",\"url\":\"https:\/\/centreo3.com\/wp-content\/uploads\/2023\/09\/centreo3-logo.svg\",\"contentUrl\":\"https:\/\/centreo3.com\/wp-content\/uploads\/2023\/09\/centreo3-logo.svg\",\"width\":257,\"height\":48,\"caption\":\"Centre O3\"},\"image\":{\"@id\":\"https:\/\/centreo3.com\/fr\/#\/schema\/logo\/image\/\"}}]}<\/script>\n<!-- \/ Yoast SEO plugin. -->","yoast_head_json":{"title":"Camp Initiation aux arts (Primaire)","robots":{"index":"index","follow":"follow","max-snippet":"max-snippet:-1","max-image-preview":"max-image-preview:large","max-video-preview":"max-video-preview:-1"},"canonical":"https:\/\/centreo3.com\/fr\/choisir-sa-session\/camp-jeunesse-harmonie-primaire-initiation-aux-arts\/","og_locale":"fr_FR","og_type":"article","og_title":"Camp Initiation aux arts (Primaire)","og_description":"Notre seul camp offert aux \u00e9l\u00e8ves du primaire. Un camp d\u2019une semaine, soit en camp de jour ou en camp complet avec couchers. Le camp est offert aux jeunes qui n\u2019ont pas ou peu d\u2019exp\u00e9rience sur l\u2019instrument. Les professeurs sauront leur donner les techniques ainsi que la th\u00e9orie de base afin de leur permettre de [&hellip;]","og_url":"https:\/\/centreo3.com\/fr\/choisir-sa-session\/camp-jeunesse-harmonie-primaire-initiation-aux-arts\/","og_site_name":"Centre O3","article_modified_time":"2026-04-27T15:00:01+00:00","twitter_card":"summary_large_image","twitter_misc":{"Dur\u00e9e de lecture estim\u00e9e":"2 minutes"},"schema":{"@context":"https:\/\/schema.org","@graph":[{"@type":"WebPage","@id":"https:\/\/centreo3.com\/fr\/choisir-sa-session\/camp-jeunesse-harmonie-primaire-initiation-aux-arts\/","url":"https:\/\/centreo3.com\/fr\/choisir-sa-session\/camp-jeunesse-harmonie-primaire-initiation-aux-arts\/","name":"Camp Initiation aux arts (Primaire)","isPartOf":{"@id":"https:\/\/centreo3.com\/fr\/#website"},"datePublished":"2023-10-03T15:26:26+00:00","dateModified":"2026-04-27T15:00:01+00:00","breadcrumb":{"@id":"https:\/\/centreo3.com\/fr\/choisir-sa-session\/camp-jeunesse-harmonie-primaire-initiation-aux-arts\/#breadcrumb"},"inLanguage":"fr-FR","potentialAction":[{"@type":"ReadAction","target":["https:\/\/centreo3.com\/fr\/choisir-sa-session\/camp-jeunesse-harmonie-primaire-initiation-aux-arts\/"]}]},{"@type":"BreadcrumbList","@id":"https:\/\/centreo3.com\/fr\/choisir-sa-session\/camp-jeunesse-harmonie-primaire-initiation-aux-arts\/#breadcrumb","itemListElement":[{"@type":"ListItem","position":1,"name":"Accueil","item":"https:\/\/centreo3.com\/fr\/"},{"@type":"ListItem","position":2,"name":"Choisir sa session","item":"https:\/\/centreo3.com\/fr\/choisir-sa-session\/"},{"@type":"ListItem","position":3,"name":"Camp Initiation aux arts (Primaire)"}]},{"@type":"WebSite","@id":"https:\/\/centreo3.com\/fr\/#website","url":"https:\/\/centreo3.com\/fr\/","name":"Centre O3","description":"Salles de r\u00e9ception et h\u00e9bergements pour \u00e9v\u00e9nements","publisher":{"@id":"https:\/\/centreo3.com\/fr\/#organization"},"potentialAction":[{"@type":"SearchAction","target":{"@type":"EntryPoint","urlTemplate":"https:\/\/centreo3.com\/fr\/?s={search_term_string}"},"query-input":{"@type":"PropertyValueSpecification","valueRequired":true,"valueName":"search_term_string"}}],"inLanguage":"fr-FR"},{"@type":"Organization","@id":"https:\/\/centreo3.com\/fr\/#organization","name":"Centre O3","url":"https:\/\/centreo3.com\/fr\/","logo":{"@type":"ImageObject","inLanguage":"fr-FR","@id":"https:\/\/centreo3.com\/fr\/#\/schema\/logo\/image\/","url":"https:\/\/centreo3.com\/wp-content\/uploads\/2023\/09\/centreo3-logo.svg","contentUrl":"https:\/\/centreo3.com\/wp-content\/uploads\/2023\/09\/centreo3-logo.svg","width":257,"height":48,"caption":"Centre O3"},"image":{"@id":"https:\/\/centreo3.com\/fr\/#\/schema\/logo\/image\/"}}]}},"_links":{"self":[{"href":"https:\/\/centreo3.com\/fr\/wp-json\/wp\/v2\/pages\/779","targetHints":{"allow":["GET"]}}],"collection":[{"href":"https:\/\/centreo3.com\/fr\/wp-json\/wp\/v2\/pages"}],"about":[{"href":"https:\/\/centreo3.com\/fr\/wp-json\/wp\/v2\/types\/page"}],"author":[{"embeddable":true,"href":"https:\/\/centreo3.com\/fr\/wp-json\/wp\/v2\/users\/1"}],"replies":[{"embeddable":true,"href":"https:\/\/centreo3.com\/fr\/wp-json\/wp\/v2\/comments?post=779"}],"version-history":[{"count":36,"href":"https:\/\/centreo3.com\/fr\/wp-json\/wp\/v2\/pages\/779\/revisions"}],"predecessor-version":[{"id":1891,"href":"https:\/\/centreo3.com\/fr\/wp-json\/wp\/v2\/pages\/779\/revisions\/1891"}],"up":[{"embeddable":true,"href":"https:\/\/centreo3.com\/fr\/wp-json\/wp\/v2\/pages\/769"}],"wp:attachment":[{"href":"https:\/\/centreo3.com\/fr\/wp-json\/wp\/v2\/media?parent=779"}],"curies":[{"name":"wp","href":"https:\/\/api.w.org\/{rel}","templated":true}]}}