{"id":55,"date":"2023-09-26T10:36:09","date_gmt":"2023-09-26T14:36:09","guid":{"rendered":"https:\/\/centreo3.com\/?page_id=55"},"modified":"2023-10-03T17:27:38","modified_gmt":"2023-10-03T21:27:38","slug":"lieu-retraite-spirituelle","status":"publish","type":"page","link":"https:\/\/centreo3.com\/fr\/evenements\/lieu-retraite-spirituelle\/","title":{"rendered":"Un lieu adapt\u00e9 aux retraites spirituelles"},"content":{"rendered":"\t\t<div data-elementor-type=\"wp-page\" data-elementor-id=\"55\" class=\"elementor elementor-55\" data-elementor-post-type=\"page\">\n\t\t\t\t<div class=\"elementor-element elementor-element-d7f579d e-flex e-con-boxed e-con e-parent\" data-id=\"d7f579d\" data-element_type=\"container\" data-e-type=\"container\">\n\t\t\t\t\t<div class=\"e-con-inner\">\n\t\t\t\t<div class=\"elementor-element elementor-element-b26a570 elementor-widget elementor-widget-text-editor\" data-id=\"b26a570\" data-element_type=\"widget\" data-e-type=\"widget\" data-widget_type=\"text-editor.default\">\n\t\t\t\t<div class=\"elementor-widget-container\">\n\t\t\t\t\t\t\t\t\t<p>Nous recevons chaque ann\u00e9e plus de 20\u00a0groupes de diverses communaut\u00e9s. Par sa proximit\u00e9 avec la nature et l\u2019aspect pratique de ses installations, le Centre O3 vous assure un lieu de retraite spirituelle ressour\u00e7ant. La salle principale de rencontre est \u00e9quip\u00e9e de syst\u00e8mes de projection, de sonorisation et d\u2019\u00e9clairage, d\u2019un piano, d\u2019une batterie, d\u2019amplificateurs d\u2019instruments, etc. Les \u00e9quipements sur place vous permettront de voyager l\u2019esprit tranquille et beaucoup plus l\u00e9g\u00e8rement\u2009! Le Centre O3 met aussi \u00e0 votre disposition des options d\u2019h\u00e9bergement adapt\u00e9es aux besoins de votre s\u00e9jour spirituel\u00a0: l\u2019h\u00e9bergement en r\u00e9sidence est parfait pour des groupes jeunesse tandis que nos 30\u00a0chambres d\u2019h\u00f4tel sont id\u00e9ales pour les groupes d\u2019adultes. Le soir, tous seront heureux de se retrouver autour d\u2019un feu sous un beau ciel \u00e9toil\u00e9\u2009!<\/p>\t\t\t\t\t\t\t\t<\/div>\n\t\t\t\t<\/div>\n\t\t\t\t\t<\/div>\n\t\t\t\t<\/div>\n\t\t\t\t<\/div>\n\t\t","protected":false},"excerpt":{"rendered":"<p>Nous recevons chaque ann\u00e9e plus de 20\u00a0groupes de diverses communaut\u00e9s. Par sa proximit\u00e9 avec la nature et l\u2019aspect pratique de ses installations, le Centre O3 vous assure un lieu de retraite spirituelle ressour\u00e7ant. La salle principale de rencontre est \u00e9quip\u00e9e de syst\u00e8mes de projection, de sonorisation et d\u2019\u00e9clairage, d\u2019un piano, d\u2019une batterie, d\u2019amplificateurs d\u2019instruments, etc. [&hellip;]<\/p>\n","protected":false},"author":1,"featured_media":0,"parent":38,"menu_order":0,"comment_status":"closed","ping_status":"closed","template":"","meta":{"footnotes":""},"class_list":["post-55","page","type-page","status-publish","hentry"],"yoast_head":"<!-- This site is optimized with the Yoast SEO plugin v27.1.1 - https:\/\/yoast.com\/product\/yoast-seo-wordpress\/ -->\n<title>Lieu de retraite spirituelle - Centre O3<\/title>\n<meta name=\"robots\" content=\"index, follow, max-snippet:-1, max-image-preview:large, max-video-preview:-1\" \/>\n<link rel=\"canonical\" href=\"https:\/\/centreo3.com\/fr\/evenements\/lieu-retraite-spirituelle\/\" \/>\n<meta property=\"og:locale\" content=\"fr_FR\" \/>\n<meta property=\"og:type\" content=\"article\" \/>\n<meta property=\"og:title\" content=\"Lieu de retraite spirituelle - Centre O3\" \/>\n<meta property=\"og:description\" content=\"Nous recevons chaque ann\u00e9e plus de 20\u00a0groupes de diverses communaut\u00e9s. Par sa proximit\u00e9 avec la nature et l\u2019aspect pratique de ses installations, le Centre O3 vous assure un lieu de retraite spirituelle ressour\u00e7ant. La salle principale de rencontre est \u00e9quip\u00e9e de syst\u00e8mes de projection, de sonorisation et d\u2019\u00e9clairage, d\u2019un piano, d\u2019une batterie, d\u2019amplificateurs d\u2019instruments, etc. [&hellip;]\" \/>\n<meta property=\"og:url\" content=\"https:\/\/centreo3.com\/fr\/evenements\/lieu-retraite-spirituelle\/\" \/>\n<meta property=\"og:site_name\" content=\"Centre O3\" \/>\n<meta property=\"article:modified_time\" content=\"2023-10-03T21:27:38+00:00\" \/>\n<meta name=\"twitter:card\" content=\"summary_large_image\" \/>\n<meta name=\"twitter:label1\" content=\"Dur\u00e9e de lecture estim\u00e9e\" \/>\n\t<meta name=\"twitter:data1\" content=\"1 minute\" \/>\n<script type=\"application\/ld+json\" class=\"yoast-schema-graph\">{\"@context\":\"https:\/\/schema.org\",\"@graph\":[{\"@type\":\"WebPage\",\"@id\":\"https:\/\/centreo3.com\/fr\/evenements\/lieu-retraite-spirituelle\/\",\"url\":\"https:\/\/centreo3.com\/fr\/evenements\/lieu-retraite-spirituelle\/\",\"name\":\"Lieu de retraite spirituelle - Centre O3\",\"isPartOf\":{\"@id\":\"https:\/\/centreo3.com\/fr\/#website\"},\"datePublished\":\"2023-09-26T14:36:09+00:00\",\"dateModified\":\"2023-10-03T21:27:38+00:00\",\"breadcrumb\":{\"@id\":\"https:\/\/centreo3.com\/fr\/evenements\/lieu-retraite-spirituelle\/#breadcrumb\"},\"inLanguage\":\"fr-FR\",\"potentialAction\":[{\"@type\":\"ReadAction\",\"target\":[\"https:\/\/centreo3.com\/fr\/evenements\/lieu-retraite-spirituelle\/\"]}]},{\"@type\":\"BreadcrumbList\",\"@id\":\"https:\/\/centreo3.com\/fr\/evenements\/lieu-retraite-spirituelle\/#breadcrumb\",\"itemListElement\":[{\"@type\":\"ListItem\",\"position\":1,\"name\":\"Accueil\",\"item\":\"https:\/\/centreo3.com\/fr\/\"},{\"@type\":\"ListItem\",\"position\":2,\"name\":\"\u00c9v\u00e9nements sur mesure\",\"item\":\"https:\/\/centreo3.com\/fr\/evenements\/\"},{\"@type\":\"ListItem\",\"position\":3,\"name\":\"Un lieu adapt\u00e9 aux retraites spirituelles\"}]},{\"@type\":\"WebSite\",\"@id\":\"https:\/\/centreo3.com\/fr\/#website\",\"url\":\"https:\/\/centreo3.com\/fr\/\",\"name\":\"Centre O3\",\"description\":\"Salles de r\u00e9ception et h\u00e9bergements pour \u00e9v\u00e9nements\",\"publisher\":{\"@id\":\"https:\/\/centreo3.com\/fr\/#organization\"},\"potentialAction\":[{\"@type\":\"SearchAction\",\"target\":{\"@type\":\"EntryPoint\",\"urlTemplate\":\"https:\/\/centreo3.com\/fr\/?s={search_term_string}\"},\"query-input\":{\"@type\":\"PropertyValueSpecification\",\"valueRequired\":true,\"valueName\":\"search_term_string\"}}],\"inLanguage\":\"fr-FR\"},{\"@type\":\"Organization\",\"@id\":\"https:\/\/centreo3.com\/fr\/#organization\",\"name\":\"Centre O3\",\"url\":\"https:\/\/centreo3.com\/fr\/\",\"logo\":{\"@type\":\"ImageObject\",\"inLanguage\":\"fr-FR\",\"@id\":\"https:\/\/centreo3.com\/fr\/#\/schema\/logo\/image\/\",\"url\":\"https:\/\/centreo3.com\/wp-content\/uploads\/2023\/09\/centreo3-logo.svg\",\"contentUrl\":\"https:\/\/centreo3.com\/wp-content\/uploads\/2023\/09\/centreo3-logo.svg\",\"width\":257,\"height\":48,\"caption\":\"Centre O3\"},\"image\":{\"@id\":\"https:\/\/centreo3.com\/fr\/#\/schema\/logo\/image\/\"}}]}<\/script>\n<!-- \/ Yoast SEO plugin. -->","yoast_head_json":{"title":"Lieu de retraite spirituelle - Centre O3","robots":{"index":"index","follow":"follow","max-snippet":"max-snippet:-1","max-image-preview":"max-image-preview:large","max-video-preview":"max-video-preview:-1"},"canonical":"https:\/\/centreo3.com\/fr\/evenements\/lieu-retraite-spirituelle\/","og_locale":"fr_FR","og_type":"article","og_title":"Lieu de retraite spirituelle - Centre O3","og_description":"Nous recevons chaque ann\u00e9e plus de 20\u00a0groupes de diverses communaut\u00e9s. Par sa proximit\u00e9 avec la nature et l\u2019aspect pratique de ses installations, le Centre O3 vous assure un lieu de retraite spirituelle ressour\u00e7ant. La salle principale de rencontre est \u00e9quip\u00e9e de syst\u00e8mes de projection, de sonorisation et d\u2019\u00e9clairage, d\u2019un piano, d\u2019une batterie, d\u2019amplificateurs d\u2019instruments, etc. [&hellip;]","og_url":"https:\/\/centreo3.com\/fr\/evenements\/lieu-retraite-spirituelle\/","og_site_name":"Centre O3","article_modified_time":"2023-10-03T21:27:38+00:00","twitter_card":"summary_large_image","twitter_misc":{"Dur\u00e9e de lecture estim\u00e9e":"1 minute"},"schema":{"@context":"https:\/\/schema.org","@graph":[{"@type":"WebPage","@id":"https:\/\/centreo3.com\/fr\/evenements\/lieu-retraite-spirituelle\/","url":"https:\/\/centreo3.com\/fr\/evenements\/lieu-retraite-spirituelle\/","name":"Lieu de retraite spirituelle - Centre O3","isPartOf":{"@id":"https:\/\/centreo3.com\/fr\/#website"},"datePublished":"2023-09-26T14:36:09+00:00","dateModified":"2023-10-03T21:27:38+00:00","breadcrumb":{"@id":"https:\/\/centreo3.com\/fr\/evenements\/lieu-retraite-spirituelle\/#breadcrumb"},"inLanguage":"fr-FR","potentialAction":[{"@type":"ReadAction","target":["https:\/\/centreo3.com\/fr\/evenements\/lieu-retraite-spirituelle\/"]}]},{"@type":"BreadcrumbList","@id":"https:\/\/centreo3.com\/fr\/evenements\/lieu-retraite-spirituelle\/#breadcrumb","itemListElement":[{"@type":"ListItem","position":1,"name":"Accueil","item":"https:\/\/centreo3.com\/fr\/"},{"@type":"ListItem","position":2,"name":"\u00c9v\u00e9nements sur mesure","item":"https:\/\/centreo3.com\/fr\/evenements\/"},{"@type":"ListItem","position":3,"name":"Un lieu adapt\u00e9 aux retraites spirituelles"}]},{"@type":"WebSite","@id":"https:\/\/centreo3.com\/fr\/#website","url":"https:\/\/centreo3.com\/fr\/","name":"Centre O3","description":"Salles de r\u00e9ception et h\u00e9bergements pour \u00e9v\u00e9nements","publisher":{"@id":"https:\/\/centreo3.com\/fr\/#organization"},"potentialAction":[{"@type":"SearchAction","target":{"@type":"EntryPoint","urlTemplate":"https:\/\/centreo3.com\/fr\/?s={search_term_string}"},"query-input":{"@type":"PropertyValueSpecification","valueRequired":true,"valueName":"search_term_string"}}],"inLanguage":"fr-FR"},{"@type":"Organization","@id":"https:\/\/centreo3.com\/fr\/#organization","name":"Centre O3","url":"https:\/\/centreo3.com\/fr\/","logo":{"@type":"ImageObject","inLanguage":"fr-FR","@id":"https:\/\/centreo3.com\/fr\/#\/schema\/logo\/image\/","url":"https:\/\/centreo3.com\/wp-content\/uploads\/2023\/09\/centreo3-logo.svg","contentUrl":"https:\/\/centreo3.com\/wp-content\/uploads\/2023\/09\/centreo3-logo.svg","width":257,"height":48,"caption":"Centre O3"},"image":{"@id":"https:\/\/centreo3.com\/fr\/#\/schema\/logo\/image\/"}}]}},"_links":{"self":[{"href":"https:\/\/centreo3.com\/fr\/wp-json\/wp\/v2\/pages\/55","targetHints":{"allow":["GET"]}}],"collection":[{"href":"https:\/\/centreo3.com\/fr\/wp-json\/wp\/v2\/pages"}],"about":[{"href":"https:\/\/centreo3.com\/fr\/wp-json\/wp\/v2\/types\/page"}],"author":[{"embeddable":true,"href":"https:\/\/centreo3.com\/fr\/wp-json\/wp\/v2\/users\/1"}],"replies":[{"embeddable":true,"href":"https:\/\/centreo3.com\/fr\/wp-json\/wp\/v2\/comments?post=55"}],"version-history":[{"count":5,"href":"https:\/\/centreo3.com\/fr\/wp-json\/wp\/v2\/pages\/55\/revisions"}],"predecessor-version":[{"id":1125,"href":"https:\/\/centreo3.com\/fr\/wp-json\/wp\/v2\/pages\/55\/revisions\/1125"}],"up":[{"embeddable":true,"href":"https:\/\/centreo3.com\/fr\/wp-json\/wp\/v2\/pages\/38"}],"wp:attachment":[{"href":"https:\/\/centreo3.com\/fr\/wp-json\/wp\/v2\/media?parent=55"}],"curies":[{"name":"wp","href":"https:\/\/api.w.org\/{rel}","templated":true}]}}